{"id":61,"date":"2011-07-20T13:12:49","date_gmt":"2011-07-20T11:12:49","guid":{"rendered":"http:\/\/radiologie-brabois.com\/?page_id=61"},"modified":"2021-01-15T10:29:52","modified_gmt":"2021-01-15T09:29:52","slug":"qui-sommes-nous","status":"publish","type":"page","link":"https:\/\/onclepaul.fr\/?page_id=61","title":{"rendered":"Radiologie et Internat des H\u00f4pitaux de Nancy"},"content":{"rendered":"<p><iframe loading=\"lazy\" src=\"\/\/www.slideshare.net\/slideshow\/embed_code\/key\/56WEjs8U65hfP0\" width=\"595\" height=\"485\" frameborder=\"0\" marginwidth=\"0\" marginheight=\"0\" scrolling=\"no\" style=\"border:1px solid #CCC; border-width:1px; margin-bottom:5px; max-width: 100%;\" allowfullscreen=\"\"> <\/iframe><\/p>\n<div style=\"margin-bottom:5px\"> <strong> <a href=\"\/\/www.slideshare.net\/LaurentPhialy\/service-de-radiologie-nancy-brabois-1934-2018\" title=\"Service de Radiologie Nancy Brabois 1934 -2018\" target=\"_blank\" rel=\"noopener noreferrer\">Service de Radiologie Nancy Brabois 1934 -2018<\/a> <\/strong> de <strong><a href=\"https:\/\/www.slideshare.net\/LaurentPhialy\" target=\"_blank\" rel=\"noopener noreferrer\">Laurent Phialy<\/a><\/strong><\/div>\n<ul>\n<li><a href=\"http:\/\/onclepaul.fr\/wp-content\/uploads\/2011\/07\/Historique-de-lInternat-des-H\u00f4pitaux-de-Nancy1.docx\">Historique de l l&rsquo;Internat des H\u00f4pitaux de Nancy(D. Barrucand 1976)<\/a><\/li>\n<li><a href=\"http:\/\/onclepaul.fr\/wp-content\/uploads\/2011\/07\/La-radiologie-J-Roussel.doc\">La radiologie J Roussel &nbsp;(1896-1976)) &nbsp;&nbsp;<\/a><\/li>\n<li><a href=\"http:\/\/onclepaul.net\/wp-content\/uploads\/2011\/07\/historique-de-la-radiologie-hopitalo-universitaire-nanc\u00e9ienne-1896-2005-FILEminimizer.pdf\">Historique de la radiologie hospitalo-universitaire<\/a>&nbsp;<a style=\"font-size: 12px;\" href=\"http:\/\/onclepaul.net\/wp-content\/uploads\/2011\/07\/historique-de-la-radiologie-hopitalo-universitaire-nanc\u00e9ienne-1896-2005-FILEminimizer.pdf\">nanc\u00e9ienne &nbsp;(1896-2005)&nbsp;<\/a><\/li>\n<li><a href=\"http:\/\/onclepaul.fr\/wp-content\/uploads\/2011\/07\/Radiologie-Adultes-CHU-Nancy-Brabois-1973-20131.doc\">Radiologie Adultes CHU Nancy-Brabois 1973-2013<\/a><\/li>\n<li><a href=\"http:\/\/onclepaul.fr\/wp-content\/uploads\/2011\/07\/r\u00e9compenses-et-prixFILEminimizer1.pps\">r\u00e9compenses-et-prix Radiologie adultes 1973-2013<\/a><\/li>\n<li><a href=\"http:\/\/onclepaul.fr\/wp-content\/uploads\/2011\/07\/cr\u00e9ation-service-Guilloz1.pdf\">cr\u00e9ation-service-Guilloz<\/a><a href=\"http:\/\/onclepaul.fr\/wp-content\/uploads\/2011\/07\/r\u00e9compenses-et-prixFILEminimizer1.pps\"> &nbsp;&nbsp;<\/a><\/li>\n<li><a href=\"http:\/\/onclepaul.fr\/wp-content\/uploads\/2011\/07\/chronologie-de-la-radiologie-\u00e0-lH\u00f4pital-Central-3.doc\">chronologie-de-la-radiologie-\u00e0-lH\u00f4pital-Central)<\/a><\/li>\n<li><a href=\"http:\/\/onclepaul.fr\/wp-content\/uploads\/2011\/07\/100-ans-de-radiologie.pdf\">100 ans de radiologie<\/a><\/li>\n<li><a href=\"http:\/\/onclepaul.fr\/wp-content\/uploads\/2011\/07\/100-ans-de-radiologie-PP.pdf\">100 ans de radiologie (PP<\/a>)<\/li>\n<li><a href=\"http:\/\/onclepaul.fr\/wp-content\/uploads\/2011\/07\/Caricatures-Fran\u00e7pis-Jabot4.pdf\">Caricatures Fran\u00e7pis Jabot<\/a><\/li>\n<li><a href=\"http:\/\/onclepaul.fr\/wp-content\/uploads\/2011\/07\/diaporama-internat-1886-1971.pps\">diaporama photos promotions internat 1886-1971<\/a><\/li>\n<\/ul>\n<h1 style=\"text-align: left;\"><span style=\"color: #ff00ff;\"><strong><a style=\"color: #ff00ff;\" href=\"http:\/\/onclepaul.fr\/wp-content\/uploads\/2011\/07\/100-ans-de-radiologie-PP.pdf\">Chansons intimes par la chorale de l&rsquo;Internat &nbsp;des Hopitaux de Nancy 1966<\/a>&nbsp;&nbsp;<a href=\"http:\/\/onclepaul.fr\/wp-content\/uploads\/2011\/07\/disque-2-cm1.jpg\"><img decoding=\"async\" loading=\"lazy\" class=\" size-full wp-image-9303 alignleft\" src=\"http:\/\/onclepaul.fr\/wp-content\/uploads\/2011\/07\/disque-2-cm1.jpg\" alt=\"disque 2 cm\" width=\"236\" height=\"236\" srcset=\"https:\/\/onclepaul.fr\/wp-content\/uploads\/2011\/07\/disque-2-cm1.jpg 236w, https:\/\/onclepaul.fr\/wp-content\/uploads\/2011\/07\/disque-2-cm1-150x150.jpg 150w\" sizes=\"(max-width: 236px) 100vw, 236px\" \/><\/a><br \/>\n<\/strong><\/span><\/h1>\n<p><strong>accompagnement et direction Pierre Cortellezzi<\/strong><\/p>\n<p><strong>En 1964 se tint \u00e0 Nancy le XIV\u00e8me Congr\u00e8s National de la F\u00e9d\u00e9ration des Internats des Villes de Facult\u00e9.<\/strong><\/p>\n<p><strong>Des fastes et festivit\u00e9s qui marqu\u00e8rent cette r\u00e9union, le grand public a retenu surtout ce qui fut \u00e0 l&rsquo;\u00e9poque une r\u00e9v\u00e9lation-choc : la premi\u00e8re apparition offi\u00adcielle de la Chorale de l&rsquo;Internat de Nancy, que Pierre Cortellezzi, avec son immense talent, voulut bien diriger.<\/strong><\/p>\n<p><strong>Le silence modeste dans lequel se retrancha ensuite cette remarquable forma\u00adtion, \u00e9close sous les pr\u00e9sidences de Vert et de Duprez, contristait depuis lors tous ceux que pr\u00e9occupe la sant\u00e9 de la Nation. Les vrais m\u00e9lomanes d\u00e9ploraient qu&rsquo;Euterpe perdit ses plus dignes serviteurs, les moralistes \u00e9taient chagrins de voir des idoles pr\u00e9fabriqu\u00e9es cueillir le succ\u00e8s alors que le vrai talent restait dans l&rsquo;ombre. Les \u00e9ducateurs enfin, soucieux de marcher avec leur temps, souhaitaient mettre \u00e0 la port\u00e9e des jeunes promotions un juste reflet des tradi\u00adtions parfois m\u00e9connues.<\/strong><\/p>\n<p><strong>L&rsquo;Internat de Nancy ne pouvait rester insensible \u00e0 ces pri\u00e8res (silencieuses, il faut bien le reconna\u00eetre, mais les seules grandes douleurs sont muettes), De belles \u00e2mes s&rsquo;\u00e9murent, de nobles c\u0153urs s&rsquo;ouvrirent, de grandes voix s&rsquo;\u00e9lev\u00e8rent. Et sous la pr\u00e9sidence de Sapelier, des \u00e9l\u00e9ments apparurent qui cristallis\u00e8rent ces voix que vous allez \u00e9couter.<\/strong><\/p>\n<p><strong>Texte de Duc&nbsp;&nbsp;&nbsp;&nbsp; Pr\u00e9sentation de Boissel,<\/strong><\/p>\n<p><strong>\u00c9dition \u00e0 tirage limit\u00e9 r\u00e9serv\u00e9e au corps m\u00e9dical<\/strong><\/p>\n<p>&nbsp;<\/p>\n<ol>\n<li><strong>le con et la bouteille<\/strong><\/li>\n<\/ol>\n<ul>\n<li><!--[if lt IE 9]><script>document.createElement('audio');<\/script><![endif]-->\n<audio class=\"wp-audio-shortcode\" id=\"audio-61-1\" preload=\"none\" style=\"width: 100%;\" controls=\"controls\"><source type=\"audio\/mpeg\" src=\"http:\/\/onclepaul.fr\/wp-content\/uploads\/2011\/07\/01-le-con-et-la-bouteille1.m4a?_=1\" \/><a href=\"http:\/\/onclepaul.fr\/wp-content\/uploads\/2011\/07\/01-le-con-et-la-bouteille1.m4a\">http:\/\/onclepaul.fr\/wp-content\/uploads\/2011\/07\/01-le-con-et-la-bouteille1.m4a<\/a><\/audio><strong>la femme du vidangeu<\/strong>r<\/li>\n<li><audio class=\"wp-audio-shortcode\" id=\"audio-61-2\" preload=\"none\" style=\"width: 100%;\" controls=\"controls\"><source type=\"audio\/mpeg\" src=\"http:\/\/onclepaul.fr\/wp-content\/uploads\/2011\/07\/02-la-femme-du-vidangeur.m4a?_=2\" \/><a href=\"http:\/\/onclepaul.fr\/wp-content\/uploads\/2011\/07\/02-la-femme-du-vidangeur.m4a\">http:\/\/onclepaul.fr\/wp-content\/uploads\/2011\/07\/02-la-femme-du-vidangeur.m4a<\/a><\/audio><strong>la chanson de Bic\u00e8tr<\/strong>e\n<p><audio class=\"wp-audio-shortcode\" id=\"audio-61-3\" preload=\"none\" style=\"width: 100%;\" controls=\"controls\"><source type=\"audio\/mpeg\" src=\"http:\/\/onclepaul.fr\/wp-content\/uploads\/2011\/07\/03-la-chanson-de-Bic\u00e8tre.m4a?_=3\" \/><a href=\"http:\/\/onclepaul.fr\/wp-content\/uploads\/2011\/07\/03-la-chanson-de-Bic\u00e8tre.m4a\">http:\/\/onclepaul.fr\/wp-content\/uploads\/2011\/07\/03-la-chanson-de-Bic\u00e8tre.m4a<\/a><\/audio><\/li>\n<li>la patrouille<audio class=\"wp-audio-shortcode\" id=\"audio-61-4\" preload=\"none\" style=\"width: 100%;\" controls=\"controls\"><source type=\"audio\/mpeg\" src=\"http:\/\/onclepaul.fr\/wp-content\/uploads\/2011\/07\/04-la-patrouille.m4a?_=4\" \/><a href=\"http:\/\/onclepaul.fr\/wp-content\/uploads\/2011\/07\/04-la-patrouille.m4a\">http:\/\/onclepaul.fr\/wp-content\/uploads\/2011\/07\/04-la-patrouille.m4a<\/a><\/audio><\/li>\n<li>les bouch\u00e9es \u00e0 la Reine<audio class=\"wp-audio-shortcode\" id=\"audio-61-5\" preload=\"none\" style=\"width: 100%;\" controls=\"controls\"><source type=\"audio\/mpeg\" src=\"http:\/\/onclepaul.fr\/wp-content\/uploads\/2011\/07\/05-les-bouch\u00e9es-\u00e0-la-Reine1.m4a?_=5\" \/><a href=\"http:\/\/onclepaul.fr\/wp-content\/uploads\/2011\/07\/05-les-bouch\u00e9es-\u00e0-la-Reine1.m4a\">http:\/\/onclepaul.fr\/wp-content\/uploads\/2011\/07\/05-les-bouch\u00e9es-\u00e0-la-Reine1.m4a<\/a><\/audio><\/li>\n<li>lles trois orf\u00e8vres<\/li>\n<\/ul>\n<audio class=\"wp-audio-shortcode\" id=\"audio-61-6\" preload=\"none\" style=\"width: 100%;\" controls=\"controls\"><source type=\"audio\/mpeg\" src=\"http:\/\/onclepaul.fr\/wp-content\/uploads\/2011\/07\/06-les-trois-orf\u00e9vres.m4a?_=6\" \/><a href=\"http:\/\/onclepaul.fr\/wp-content\/uploads\/2011\/07\/06-les-trois-orf\u00e9vres.m4a\">http:\/\/onclepaul.fr\/wp-content\/uploads\/2011\/07\/06-les-trois-orf\u00e9vres.m4a<\/a><\/audio>\n<p>le jeune homme de Besan\u00e7on<\/p>\n<audio class=\"wp-audio-shortcode\" id=\"audio-61-7\" preload=\"none\" style=\"width: 100%;\" controls=\"controls\"><source type=\"audio\/mpeg\" src=\"http:\/\/onclepaul.fr\/wp-content\/uploads\/2011\/07\/07-le-jeune-homme-de-Besan\u00e7on1.m4a?_=7\" \/><a href=\"http:\/\/onclepaul.fr\/wp-content\/uploads\/2011\/07\/07-le-jeune-homme-de-Besan\u00e7on1.m4a\">http:\/\/onclepaul.fr\/wp-content\/uploads\/2011\/07\/07-le-jeune-homme-de-Besan\u00e7on1.m4a<\/a><\/audio>\n<p>en revenant du Pi\u00e9mont<\/p>\n<audio class=\"wp-audio-shortcode\" id=\"audio-61-8\" preload=\"none\" style=\"width: 100%;\" controls=\"controls\"><source type=\"audio\/mpeg\" src=\"http:\/\/onclepaul.fr\/wp-content\/uploads\/2011\/07\/08-en-revenant-du-Pi\u00e9mont1.m4a?_=8\" \/><a href=\"http:\/\/onclepaul.fr\/wp-content\/uploads\/2011\/07\/08-en-revenant-du-Pi\u00e9mont1.m4a\">http:\/\/onclepaul.fr\/wp-content\/uploads\/2011\/07\/08-en-revenant-du-Pi\u00e9mont1.m4a<\/a><\/audio>\n<p>les stances \u00e0 Sophie<\/p>\n<audio class=\"wp-audio-shortcode\" id=\"audio-61-9\" preload=\"none\" style=\"width: 100%;\" controls=\"controls\"><source type=\"audio\/mpeg\" src=\"http:\/\/onclepaul.fr\/wp-content\/uploads\/2011\/07\/09-les-stances-\u00e0-Sophie.m4a?_=9\" \/><a href=\"http:\/\/onclepaul.fr\/wp-content\/uploads\/2011\/07\/09-les-stances-\u00e0-Sophie.m4a\">http:\/\/onclepaul.fr\/wp-content\/uploads\/2011\/07\/09-les-stances-\u00e0-Sophie.m4a<\/a><\/audio>\n<p>la Tonkinoise<\/p>\n<audio class=\"wp-audio-shortcode\" id=\"audio-61-10\" preload=\"none\" style=\"width: 100%;\" controls=\"controls\"><source type=\"audio\/mpeg\" src=\"http:\/\/onclepaul.fr\/wp-content\/uploads\/2011\/07\/10-la-tonkinoise.m4a?_=10\" \/><a href=\"http:\/\/onclepaul.fr\/wp-content\/uploads\/2011\/07\/10-la-tonkinoise.m4a\">http:\/\/onclepaul.fr\/wp-content\/uploads\/2011\/07\/10-la-tonkinoise.m4a<\/a><\/audio>\n<p>le Roi de Bavi\u00e8re<\/p>\n<audio class=\"wp-audio-shortcode\" id=\"audio-61-11\" preload=\"none\" style=\"width: 100%;\" controls=\"controls\"><source type=\"audio\/mpeg\" src=\"http:\/\/onclepaul.fr\/wp-content\/uploads\/2011\/07\/11-le-Roi-de-Bavi\u00e8re.m4a?_=11\" \/><a href=\"http:\/\/onclepaul.fr\/wp-content\/uploads\/2011\/07\/11-le-Roi-de-Bavi\u00e8re.m4a\">http:\/\/onclepaul.fr\/wp-content\/uploads\/2011\/07\/11-le-Roi-de-Bavi\u00e8re.m4a<\/a><\/audio>\n<h1><span style=\"color: #ff00ff;\">contrep\u00e9teries<\/span><\/h1>\n<p><a href=\"http:\/\/onclepaul.fr\/wp-content\/uploads\/2011\/07\/Berg\u00e8re-toi-qui-pr\u00e9tends-que-mon-p\u00e2tre-est-f\u00e9lon.docx\">Berg\u00e8re toi qui pr\u00e9tends que mon p\u00e2tre est f\u00e9lon<\/a><\/p>\n<audio class=\"wp-audio-shortcode\" id=\"audio-61-12\" preload=\"none\" style=\"width: 100%;\" controls=\"controls\"><source type=\"audio\/mpeg\" src=\"http:\/\/onclepaul.fr\/wp-content\/uploads\/2011\/07\/berg\u00e8re.mp3?_=12\" \/><a href=\"http:\/\/onclepaul.fr\/wp-content\/uploads\/2011\/07\/berg\u00e8re.mp3\">http:\/\/onclepaul.fr\/wp-content\/uploads\/2011\/07\/berg\u00e8re.mp3<\/a><\/audio>\n<p>&nbsp;<\/p>\n<p>quelques r\u00e9f\u00e9rences utiles (indispensables)pour d\u00e9buter ou se perfectionner en contrap\u00e9tomanie, avant que, comme toute la radiologie nous ne disparaissions , sacrifi\u00e9s sur l&rsquo;autel de l&rsquo;intelligence artificielle<\/p>\n<p><a href=\"http:\/\/onclepaul.fr\/wp-content\/uploads\/2011\/07\/Jo\u00ebl-Martin-floril\u00e8ge-de-contrep\u00e8teries.pdf\">Principaux ourages du Grand Ma\u00eetre des&nbsp;Contrep\u00e8teries&nbsp; &nbsp; &nbsp;<\/a><a href=\"http:\/\/onclepaul.fr\/wp-content\/uploads\/2011\/07\/Jo\u00ebl-Martin-floril\u00e8ge-de-contrep\u00e8teries1.pdf\">Jo\u00ebl Martin floril\u00e8ge de contrep\u00e8teries<\/a>&nbsp; &nbsp; &nbsp; cliquez sur les lettres bleues pour en savoir plus<\/p>\n<p><a href=\"http:\/\/onclepaul.fr\/wp-content\/uploads\/2011\/07\/Jo\u00ebl-Martin-.pdf\">&nbsp;&nbsp;<\/a><a href=\"http:\/\/onclepaul.fr\/wp-content\/uploads\/2011\/07\/Jo\u00ebl-Martin-comtesse-du-Canard-depuis-1984-.pdf\">Jo\u00ebl-Martin comtesse du Canard depuis 1984-<\/a>&nbsp;ancien \u00e9l\u00e8ve de l&rsquo;ENS&nbsp; , MCU,<\/p>\n<p><a href=\"http:\/\/onclepaul.fr\/wp-content\/uploads\/2011\/07\/chorale.tif\"><img decoding=\"async\" loading=\"lazy\" class=\"alignright size-medium wp-image-9319\" src=\"http:\/\/onclepaul.fr\/wp-content\/uploads\/2011\/07\/chorale.tif\" alt=\"chorale\" width=\"1\" height=\"1\"><\/a><\/p>\n","protected":false},"excerpt":{"rendered":"<p>Service de Radiologie Nancy Brabois 1934 -2018 de Laurent Phialy Historique de l l&rsquo;Internat des H\u00f4pitaux de Nancy(D. Barrucand 1976) La radiologie J Roussel &nbsp;(1896-1976)) &nbsp;&nbsp; Historique de la radiologie hospitalo-universitaire&nbsp;nanc\u00e9ienne &nbsp;(1896-2005)&nbsp; Radiologie Adultes CHU Nancy-Brabois 1973-2013 r\u00e9compenses-et-prix Radiologie adultes 1973-2013 cr\u00e9ation-service-Guilloz &nbsp;&nbsp; chronologie-de-la-radiologie-\u00e0-lH\u00f4pital-Central) 100 ans de radiologie 100 ans de radiologie (PP) Caricatures Fran\u00e7pis &hellip; <\/p>\n<p><a class=\"more-link btn\" href=\"https:\/\/onclepaul.fr\/?page_id=61\">Lire la suite<\/a><\/p>\n","protected":false},"author":1,"featured_media":0,"parent":12678,"menu_order":-1,"comment_status":"closed","ping_status":"closed","template":"template-onecolumn.php","meta":[],"_links":{"self":[{"href":"https:\/\/onclepaul.fr\/index.php?rest_route=\/wp\/v2\/pages\/61"}],"collection":[{"href":"https:\/\/onclepaul.fr\/index.php?rest_route=\/wp\/v2\/pages"}],"about":[{"href":"https:\/\/onclepaul.fr\/index.php?rest_route=\/wp\/v2\/types\/page"}],"author":[{"embeddable":true,"href":"https:\/\/onclepaul.fr\/index.php?rest_route=\/wp\/v2\/users\/1"}],"replies":[{"embeddable":true,"href":"https:\/\/onclepaul.fr\/index.php?rest_route=%2Fwp%2Fv2%2Fcomments&post=61"}],"version-history":[{"count":166,"href":"https:\/\/onclepaul.fr\/index.php?rest_route=\/wp\/v2\/pages\/61\/revisions"}],"predecessor-version":[{"id":11848,"href":"https:\/\/onclepaul.fr\/index.php?rest_route=\/wp\/v2\/pages\/61\/revisions\/11848"}],"up":[{"embeddable":true,"href":"https:\/\/onclepaul.fr\/index.php?rest_route=\/wp\/v2\/pages\/12678"}],"wp:attachment":[{"href":"https:\/\/onclepaul.fr\/index.php?rest_route=%2Fwp%2Fv2%2Fmedia&parent=61"}],"curies":[{"name":"wp","href":"https:\/\/api.w.org\/{rel}","templated":true}]}}