{"id":63,"date":"2011-07-20T13:13:05","date_gmt":"2011-07-20T11:13:05","guid":{"rendered":"http:\/\/radiologie-brabois.com\/?page_id=63"},"modified":"2021-01-29T16:37:31","modified_gmt":"2021-01-29T15:37:31","slug":"historique-du-service","status":"publish","type":"page","link":"https:\/\/onclepaul.fr\/?page_id=63","title":{"rendered":"Historique des Professeurs de Radiologie du CHU Nancy"},"content":{"rendered":"<table style=\"background-color: #ffffff; height: 708px;\" border=\"0\" width=\"972\" cellspacing=\"3\" cellpadding=\"3\">\n<tbody>\n<tr>\n<td>\u00a0\u00ab\u00a0<strong>Quand le pass\u00e9 n&rsquo;\u00e9claire plus l&rsquo;avenir,l&rsquo;esprit marche dans les t\u00e9n\u00e8bres \u00ab\u00a0<\/strong>\u00a0 \u00a0 \u00a0 \u00a0<span style=\"color: #ff6600;\"><strong>\u00a0 Alexis de Tocqueville<\/strong><\/span><\/p>\n<ul>\n<li>\n<h6><strong><a style=\"font-size: 11px; line-height: 18px;\" href=\"http:\/\/onclepaul.net\/wp-content\/uploads\/2011\/07\/Theodore-Guilloz-par-Pierre-Labrude.pdf\">Theodore GUILLOZ par Pierre LABRUDE\u00a0<\/a><\/strong><\/h6>\n<\/li>\n<li>\n<h6><strong><a style=\"font-size: 11px; line-height: 18px;\" href=\"http:\/\/onclepaul.fr\/wp-content\/uploads\/2011\/07\/G-Lamy-nov-1930-def1.pdf\">\u00a0Th GUILLOZ \u00e9loge par Georges LAMY\u00a0 1930<\/a><\/strong><\/h6>\n<\/li>\n<li>\n<h6><strong><a href=\"http:\/\/onclepaul.fr\/wp-content\/uploads\/2011\/07\/legion-dhonneur-1910.pdf\">legion d&rsquo;honneur Th GUILLOZ 1910<\/a><\/strong><\/h6>\n<\/li>\n<li>\n<h6><strong><a href=\"http:\/\/onclepaul.fr\/wp-content\/uploads\/2011\/07\/legion-dhonneur-Emile-Jacquot-1927.pdf\">legion d&rsquo;honneur Emile JACQUOT 1927<\/a><\/strong><\/h6>\n<\/li>\n<li>\n<h6><strong><a href=\"http:\/\/onclepaul.fr\/wp-content\/uploads\/2011\/07\/Daclin-syndicat.pdf\">\u00e9loge GUILLOZ Daclin syndicat des pharmaciens<\/a><\/strong><\/h6>\n<\/li>\n<li>\n<h6><strong><a href=\"http:\/\/onclepaul.fr\/wp-content\/uploads\/2011\/07\/GUILLOZ-Th\u00e9odore-Professeur-de-la-Facult\u00e9-de-M\u00e9decine-de-Nancy.pdf\">Th\u00e9odore GUILLOZ &#8211; Professeur de la Facult\u00e9 de M\u00e9decine de Nancy<\/a><\/strong><\/h6>\n<\/li>\n<li>\n<h6><strong><a style=\"font-size: 11px; line-height: 18px;\" href=\"http:\/\/onclepaul.fr\/wp-content\/uploads\/2011\/07\/Th\u00e9odore-GUILLOZ-1914-1916-11.docx\">\u00a0<\/a><a href=\"http:\/\/onclepaul.fr\/wp-content\/uploads\/2011\/07\/Th\u00e9odore-GUILLOZ-1914-1916-1.pdf\">Th\u00e9odore-GUILLOZ-1914-1916\u00a0<\/a><\/strong><\/h6>\n<\/li>\n<li>\n<h6><strong><a style=\"font-size: 11px; line-height: 18px;\" href=\"http:\/\/onclepaul.fr\/wp-content\/uploads\/2011\/07\/\u00c9l\u00e9ments-de-biographie-du-Professeur-George-LAMY.docx\">\u00c9l\u00e9ments de biographie du Pr Georges LAMY<\/a><\/strong><\/h6>\n<\/li>\n<li>\n<h6><strong><a href=\"http:\/\/onclepaul.fr\/wp-content\/uploads\/2011\/07\/\u00c9l\u00e9ments-de-biographie-du-docteur-Marcel-Antoine11-3.doc\">\u00c9l\u00e9ments de,biographie du<\/a>\u00a0<a style=\"font-size: 11px; line-height: 18px;\" href=\"http:\/\/onclepaul.fr\/wp-content\/uploads\/2011\/07\/\u00c9l\u00e9ments-de-biographie-du-docteur-Marcel-Antoine11-3.doc\">docteur Marcel\u00a0 ANTOINE\u00a0<\/a><\/strong><\/h6>\n<\/li>\n<li>\n<h6><strong><a href=\"http:\/\/onclepaul.net\/wp-content\/uploads\/2011\/07\/ROUSSEL-Jean-2.pdf\">Jean ROUSSEL \u00a0par le doyen Antoine BEAU<\/a><\/strong><\/h6>\n<\/li>\n<li>\n<h6><strong><a href=\"http:\/\/onclepaul.fr\/wp-content\/uploads\/2011\/07\/St-Mansuy-14-Nov-2014-DR1-2.pdf\">\u00a0Augusta TREHEUX par Denis REGENT\u00a0 \u00a0<\/a><\/strong><\/h6>\n<\/li>\n<li>\n<h6><strong><a href=\"http:\/\/onclepaul.fr\/wp-content\/uploads\/2011\/07\/Eloge-Facult\u00e9-de-M\u00e9decjne.docx\">\u00a0<\/a><a href=\"http:\/\/onclepaul.fr\/wp-content\/uploads\/2011\/07\/Eloge-Facult\u00e9-de-M\u00e9decjne2.docx\">Eloge-A TREHEUX Facult\u00e9-<\/a><\/strong><\/h6>\n<\/li>\n<li>\n<h6><strong><a href=\"http:\/\/onclepaul.fr\/wp-content\/uploads\/2011\/07\/hommage-Pierre-Bernadac.pdf\">hommage Pierre BERNADAC 2002 \u00a0\u00a0<\/a><\/strong><\/h6>\n<\/li>\n<li>\n<h6><strong><a href=\"http:\/\/onclepaul.fr\/wp-content\/uploads\/2011\/07\/BERNADAC-Pierre-Professeur-de-la-Facult\u00e9-de-M\u00e9decine-de-Nancy.pdf\">Pierre BERNADAC Professeur de la Facult\u00e9 de M\u00e9decine de Nancy<\/a><\/strong><\/h6>\n<\/li>\n<li>\n<h6><strong><a href=\"http:\/\/onclepaul.fr\/wp-content\/uploads\/2011\/07\/HOEFFEL-Jean-Claude-Professeur-de-la-Facult\u00e9-de-M\u00e9decine-de-Nancy.pdf\">Jean-Claude HOEFFEL \u00a0&#8211; Professeur de la Facult\u00e9 de M\u00e9decine de Nancy<\/a><\/strong><\/h6>\n<\/li>\n<li>\n<h6><strong><a href=\"http:\/\/onclepaul.fr\/wp-content\/uploads\/2011\/07\/chronologie-de-la-radiologie-\u00e0-lH\u00f4pital-Central.docx\">chronologie de la radiologie \u00e0 l&rsquo;H\u00f4pital Central<\/a><\/strong><\/h6>\n<\/li>\n<li>\n<h6><strong><a href=\"http:\/\/onclepaul.fr\/wp-content\/uploads\/2011\/07\/docteur-honoris-caus.pdf\">Luc PICARD Professeur \u00e0 la Facult\u00e9 de \u00a0M\u00e9decine docteur honoris causa universit\u00e9 de Bologne\u00a0<\/a><\/strong><\/h6>\n<\/li>\n<li>\n<h6><strong><a href=\"http:\/\/onclepaul.net\/wp-content\/uploads\/2011\/07\/m\u00e9daille-dHonneur-SFR-JFR-20121.pdf\">Denis REGENT m\u00e9daille d&rsquo;Honneur SFR JFR 2012<\/a><\/strong><\/h6>\n<\/li>\n<li>\n<h6><strong><a href=\"http:\/\/onclepaul.net\/?attachment_id=6424\" rel=\"attachment wp-att-6424\">Denis REGENT retraite H\u00f4tel de Ville<\/a><\/strong><\/h6>\n<\/li>\n<li>\n<h6><strong><a href=\"http:\/\/onclepaul.net\/?attachment_id=6429\" rel=\"attachment wp-att-6429\">photos 15 03 2013<\/a><\/strong><\/h6>\n<\/li>\n<li>\n<h6><strong><a href=\"http:\/\/onclepaul.net\/wp-content\/uploads\/2011\/07\/livre-dor-15-mars-2013-DR-2.pdf\">Denis REGENT livre d&rsquo;or\u00a0<\/a><a href=\"http:\/\/onclepaul.fr\/wp-content\/uploads\/2011\/07\/caricatures-Dr-Jabo.pdf\">.<\/a><\/strong><\/h6>\n<\/li>\n<li>\n<h6><strong><a href=\"http:\/\/onclepaul.fr\/wp-content\/uploads\/2011\/07\/historique-du-service-Guilloz-V-051.pdf\">100 ans de radiologie \u00e0 l&rsquo;H\u00f4pital Central (texte) \u00a0<\/a><\/strong><\/h6>\n<\/li>\n<li>\n<h6><strong><a href=\"http:\/\/onclepaul.fr\/wp-content\/uploads\/2011\/07\/historique-def1.pdf\">100 ans de radiologie \u00e0 l&rsquo;H\u00f4pial Central (power point<\/a>)<\/strong><\/h6>\n<\/li>\n<li>\n<h6><strong><a href=\"http:\/\/onclepaul.fr\/wp-content\/uploads\/2011\/07\/s\u00e9re\u00e9ndipit\u00e9-et-radiographie-word.pdf\">s\u00e9rendipit\u00e9 et radiographie wor<\/a>d<\/strong><\/h6>\n<\/li>\n<li>\n<h6><strong><a href=\"http:\/\/onclepaul.fr\/wp-content\/uploads\/2011\/07\/s\u00e9rendipit\u00e9-power-point7.pdf\">serendipit\u00e9 et radiologie;de WC Roentgen \u00e0 Morton Meyers<\/a><\/strong><\/h6>\n<\/li>\n<li>\n<h6><strong><a href=\"http:\/\/onclepaul.fr\/wp-content\/uploads\/2011\/07\/lettre-du-mus\u00e9e-02-1.pdf\">lettre du mus\u00e9e historique \u00a0service Guilloz<\/a><\/strong><\/h6>\n<\/li>\n<li>\n<h6><strong><a href=\"http:\/\/onclepaul.fr\/wp-content\/uploads\/2011\/07\/Caricatures-Fran\u00e7pis-Jabot3.pdf\">Caricatures Fran\u00e7pis Jabot<\/a><\/strong><\/h6>\n<\/li>\n<li>\n<h6><a href=\"http:\/\/onclepaul.fr\/wp-content\/uploads\/2011\/07\/Staff-fin-de-stage.ppt\" data-rich-text-format-boundary=\"true\">Staff-fin-de-stage<\/a><\/h6>\n<\/li>\n<\/ul>\n<\/td>\n<td align=\"center\"><\/td>\n<\/tr>\n<\/tbody>\n<\/table>\n<div style=\"width: 90%; margin: auto;\"><\/div>\n","protected":false},"excerpt":{"rendered":"<p>\u00a0\u00ab\u00a0Quand le pass\u00e9 n&rsquo;\u00e9claire plus l&rsquo;avenir,l&rsquo;esprit marche dans les t\u00e9n\u00e8bres \u00ab\u00a0\u00a0 \u00a0 \u00a0 \u00a0\u00a0 Alexis de Tocqueville Theodore GUILLOZ par Pierre LABRUDE\u00a0 \u00a0Th GUILLOZ \u00e9loge par Georges LAMY\u00a0 1930 legion d&rsquo;honneur Th GUILLOZ 1910 legion d&rsquo;honneur Emile JACQUOT 1927 \u00e9loge GUILLOZ Daclin syndicat des pharmaciens Th\u00e9odore GUILLOZ &#8211; Professeur de la Facult\u00e9 de M\u00e9decine de &hellip; <\/p>\n<p><a class=\"more-link btn\" href=\"https:\/\/onclepaul.fr\/?page_id=63\">Lire la suite<\/a><\/p>\n","protected":false},"author":1,"featured_media":0,"parent":12678,"menu_order":-2,"comment_status":"closed","ping_status":"closed","template":"template-onecolumn.php","meta":[],"_links":{"self":[{"href":"https:\/\/onclepaul.fr\/index.php?rest_route=\/wp\/v2\/pages\/63"}],"collection":[{"href":"https:\/\/onclepaul.fr\/index.php?rest_route=\/wp\/v2\/pages"}],"about":[{"href":"https:\/\/onclepaul.fr\/index.php?rest_route=\/wp\/v2\/types\/page"}],"author":[{"embeddable":true,"href":"https:\/\/onclepaul.fr\/index.php?rest_route=\/wp\/v2\/users\/1"}],"replies":[{"embeddable":true,"href":"https:\/\/onclepaul.fr\/index.php?rest_route=%2Fwp%2Fv2%2Fcomments&post=63"}],"version-history":[{"count":240,"href":"https:\/\/onclepaul.fr\/index.php?rest_route=\/wp\/v2\/pages\/63\/revisions"}],"predecessor-version":[{"id":12890,"href":"https:\/\/onclepaul.fr\/index.php?rest_route=\/wp\/v2\/pages\/63\/revisions\/12890"}],"up":[{"embeddable":true,"href":"https:\/\/onclepaul.fr\/index.php?rest_route=\/wp\/v2\/pages\/12678"}],"wp:attachment":[{"href":"https:\/\/onclepaul.fr\/index.php?rest_route=%2Fwp%2Fv2%2Fmedia&parent=63"}],"curies":[{"name":"wp","href":"https:\/\/api.w.org\/{rel}","templated":true}]}}